{"id":1424,"date":"2025-05-29T13:10:10","date_gmt":"2025-05-29T13:10:10","guid":{"rendered":"https:\/\/2.smart-tourism-project.eu\/resultados-del-proyecto\/smart-workshops-and-webinars"},"modified":"2025-07-11T07:21:07","modified_gmt":"2025-07-11T07:21:07","slug":"talleres-y-seminarios-web-smart","status":"publish","type":"page","link":"https:\/\/2.smart-tourism-project.eu\/es\/resultados-del-proyecto\/talleres-y-seminarios-web-smart","title":{"rendered":"Talleres y seminarios web SMART"},"content":{"rendered":"\t\t<div data-elementor-type=\"wp-page\" data-elementor-id=\"1424\" class=\"elementor elementor-1424 elementor-1412\" data-elementor-post-type=\"page\">\n\t\t\t\t<div class=\"elementor-element elementor-element-a31d20f e-con-full e-flex e-con e-parent\" data-id=\"a31d20f\" data-element_type=\"container\" data-e-type=\"container\" data-settings=\"{&quot;background_background&quot;:&quot;classic&quot;,&quot;shape_divider_bottom&quot;:&quot;waves&quot;,&quot;shape_divider_bottom_negative&quot;:&quot;yes&quot;,&quot;jet_parallax_layout_list&quot;:[]}\">\n\t\t\t\t<div class=\"elementor-shape elementor-shape-bottom\" aria-hidden=\"true\" data-negative=\"true\">\n\t\t\t<svg xmlns=\"http:\/\/www.w3.org\/2000\/svg\" viewBox=\"0 0 1000 100\" preserveAspectRatio=\"none\">\n\t<path class=\"elementor-shape-fill\" d=\"M790.5,93.1c-59.3-5.3-116.8-18-192.6-50c-29.6-12.7-76.9-31-100.5-35.9c-23.6-4.9-52.6-7.8-75.5-5.3\n\tc-10.2,1.1-22.6,1.4-50.1,7.4c-27.2,6.3-58.2,16.6-79.4,24.7c-41.3,15.9-94.9,21.9-134,22.6C72,58.2,0,25.8,0,25.8V100h1000V65.3\n\tc0,0-51.5,19.4-106.2,25.7C839.5,97,814.1,95.2,790.5,93.1z\"\/>\n<\/svg>\t\t<\/div>\n\t\t\t\t<div class=\"elementor-element elementor-element-2b11cc9 elementor-widget elementor-widget-heading\" data-id=\"2b11cc9\" data-element_type=\"widget\" data-e-type=\"widget\" data-widget_type=\"heading.default\">\n\t\t\t\t<div class=\"elementor-widget-container\">\n\t\t\t\t\t<h2 class=\"elementor-heading-title elementor-size-default\">Talleres y seminarios web SMART<\/h2>\t\t\t\t<\/div>\n\t\t\t\t<\/div>\n\t\t\t\t<div class=\"elementor-element elementor-element-6afc69c elementor-view-default elementor-widget elementor-widget-icon\" data-id=\"6afc69c\" data-element_type=\"widget\" data-e-type=\"widget\" data-widget_type=\"icon.default\">\n\t\t\t\t<div class=\"elementor-widget-container\">\n\t\t\t\t\t\t\t<div class=\"elementor-icon-wrapper\">\n\t\t\t<div class=\"elementor-icon\">\n\t\t\t<i aria-hidden=\"true\" class=\"fas fa-plus\"><\/i>\t\t\t<\/div>\n\t\t<\/div>\n\t\t\t\t\t\t<\/div>\n\t\t\t\t<\/div>\n\t\t\t\t<div class=\"elementor-element elementor-element-f8dcb37 elementor-view-default elementor-widget elementor-widget-icon\" data-id=\"f8dcb37\" data-element_type=\"widget\" data-e-type=\"widget\" data-widget_type=\"icon.default\">\n\t\t\t\t<div class=\"elementor-widget-container\">\n\t\t\t\t\t\t\t<div class=\"elementor-icon-wrapper\">\n\t\t\t<div class=\"elementor-icon\">\n\t\t\t<i aria-hidden=\"true\" class=\"far fa-circle\"><\/i>\t\t\t<\/div>\n\t\t<\/div>\n\t\t\t\t\t\t<\/div>\n\t\t\t\t<\/div>\n\t\t\t\t<\/div>\n\t\t<div class=\"elementor-element elementor-element-e24cf55 e-flex e-con-boxed e-con e-parent\" data-id=\"e24cf55\" data-element_type=\"container\" data-e-type=\"container\" data-settings=\"{&quot;jet_parallax_layout_list&quot;:[]}\">\n\t\t\t\t\t<div class=\"e-con-inner\">\n\t\t<div class=\"elementor-element elementor-element-0a27281 e-con-full e-flex e-con e-child\" data-id=\"0a27281\" data-element_type=\"container\" data-e-type=\"container\" data-settings=\"{&quot;jet_parallax_layout_list&quot;:[]}\">\n\t\t\t\t<div class=\"elementor-element elementor-element-b20246b elementor-absolute elementor-view-default elementor-widget elementor-widget-icon\" data-id=\"b20246b\" data-element_type=\"widget\" data-e-type=\"widget\" data-settings=\"{&quot;_position&quot;:&quot;absolute&quot;}\" data-widget_type=\"icon.default\">\n\t\t\t\t<div class=\"elementor-widget-container\">\n\t\t\t\t\t\t\t<div class=\"elementor-icon-wrapper\">\n\t\t\t<div class=\"elementor-icon\">\n\t\t\t<i aria-hidden=\"true\" class=\"fas fa-plus\"><\/i>\t\t\t<\/div>\n\t\t<\/div>\n\t\t\t\t\t\t<\/div>\n\t\t\t\t<\/div>\n\t\t\t\t<div class=\"elementor-element elementor-element-db6226c elementor-absolute elementor-view-default elementor-widget elementor-widget-icon\" data-id=\"db6226c\" data-element_type=\"widget\" data-e-type=\"widget\" data-settings=\"{&quot;_position&quot;:&quot;absolute&quot;}\" data-widget_type=\"icon.default\">\n\t\t\t\t<div class=\"elementor-widget-container\">\n\t\t\t\t\t\t\t<div class=\"elementor-icon-wrapper\">\n\t\t\t<div class=\"elementor-icon\">\n\t\t\t<i aria-hidden=\"true\" class=\"fas fa-plus\"><\/i>\t\t\t<\/div>\n\t\t<\/div>\n\t\t\t\t\t\t<\/div>\n\t\t\t\t<\/div>\n\t\t\t\t<\/div>\n\t\t\t\t<div class=\"elementor-element elementor-element-242d969 elementor-widget elementor-widget-heading\" data-id=\"242d969\" data-element_type=\"widget\" data-e-type=\"widget\" data-widget_type=\"heading.default\">\n\t\t\t\t<div class=\"elementor-widget-container\">\n\t\t\t\t\t<h2 class=\"elementor-heading-title elementor-size-default\">\u00bfC\u00f3mo podemos conseguir que el turismo sea verdaderamente inclusivo, accesible y sostenible para todas las personas?<\/h2>\t\t\t\t<\/div>\n\t\t\t\t<\/div>\n\t\t\t\t<div class=\"elementor-element elementor-element-2860d7a elementor-widget elementor-widget-text-editor\" data-id=\"2860d7a\" data-element_type=\"widget\" data-e-type=\"widget\" data-widget_type=\"text-editor.default\">\n\t\t\t\t<div class=\"elementor-widget-container\">\n\t\t\t\t\t\t\t\t\t<p><span data-sheets-root=\"1\">Meet the speakers:<\/span><span data-sheets-root=\"1\">Esta fue la pregunta central que se abord\u00f3 en nuestro webinario internacional SMART Inclusion, que ahora puedes ver en diferido.<\/span><\/p><p>En esta interesante sesi\u00f3n, tres expertos de referencia de distintos pa\u00edses europeos compartieron ideas pr\u00e1cticas, herramientas innovadoras y ejemplos reales para ayudar a profesionales del turismo, formadores y personas defensoras de la inclusi\u00f3n a dise\u00f1ar experiencias tur\u00edsticas m\u00e1s inteligentes, conectadas e inclusivas.<\/p>\t\t\t\t\t\t\t\t<\/div>\n\t\t\t\t<\/div>\n\t\t\t\t<div class=\"elementor-element elementor-element-a6a8424 elementor-widget elementor-widget-heading\" data-id=\"a6a8424\" data-element_type=\"widget\" data-e-type=\"widget\" data-widget_type=\"heading.default\">\n\t\t\t\t<div class=\"elementor-widget-container\">\n\t\t\t\t\t<h2 class=\"elementor-heading-title elementor-size-default\">Conoce a las personas ponentes<\/h2>\t\t\t\t<\/div>\n\t\t\t\t<\/div>\n\t\t<div class=\"elementor-element elementor-element-ec1fc1c e-con-full e-flex e-con e-child\" data-id=\"ec1fc1c\" data-element_type=\"container\" data-e-type=\"container\" data-settings=\"{&quot;jet_parallax_layout_list&quot;:[]}\">\n\t\t\t\t<div class=\"elementor-element elementor-element-e7b7484 elementor-widget__width-initial elementor-widget-mobile__width-inherit elementor-widget elementor-widget-jet-team-member\" data-id=\"e7b7484\" data-element_type=\"widget\" data-e-type=\"widget\" data-widget_type=\"jet-team-member.default\">\n\t\t\t\t<div class=\"elementor-widget-container\">\n\t\t\t\t\t<div class=\"elementor-jet-team-member jet-elements\"><div class=\"jet-team-member\">\n\t<div class=\"jet-team-member__inner\">\n\t\t\t<div class=\"jet-team-member__image\">\n\t\t\t<div class=\"jet-team-member__cover\"><\/div>\n\t\t\t<figure class=\"jet-team-member__figure\"><img fetchpriority=\"high\" decoding=\"async\" width=\"555\" height=\"555\" src=\"https:\/\/2.smart-tourism-project.eu\/wp-content\/uploads\/2025\/06\/SMART-marco-1.png\" class=\"jet-team-member__img-tag\" alt=\"SMART-marco (1)\" srcset=\"https:\/\/2.smart-tourism-project.eu\/wp-content\/uploads\/2025\/06\/SMART-marco-1.png 555w, https:\/\/2.smart-tourism-project.eu\/wp-content\/uploads\/2025\/06\/SMART-marco-1-300x300.png 300w, https:\/\/2.smart-tourism-project.eu\/wp-content\/uploads\/2025\/06\/SMART-marco-1-150x150.png 150w\" sizes=\"(max-width: 555px) 100vw, 555px\" \/><\/figure>\t\t<\/div>\n\t\t<div class=\"jet-team-member__content\"><h3 class=\"jet-team-member__name\"><span class=\"jet-team-member__name-first\">Marco <\/span><span class=\"jet-team-member__name-last\"> De Cave<\/span><\/h3><div class=\"jet-team-member__position\"><span>\"Gestor de proyectos y educador con experiencia en trabajo por la paz y el desarrollo (Italia)<\/span><\/div><p class=\"jet-team-member__desc\"><b>Presentaci\u00f3n:<\/b> \u201cDigital, memoria y bienestar: patrones participativos de turismo experiencial en Cori\u201d\"<\/p><div class=\"jet-team-member__socials\"><\/div><\/div>\n\t<\/div>\n\t<\/div>\n<\/div>\t\t\t\t<\/div>\n\t\t\t\t<\/div>\n\t\t\t\t<div class=\"elementor-element elementor-element-93ca453 elementor-widget__width-initial elementor-widget-mobile__width-inherit elementor-widget elementor-widget-jet-team-member\" data-id=\"93ca453\" data-element_type=\"widget\" data-e-type=\"widget\" data-widget_type=\"jet-team-member.default\">\n\t\t\t\t<div class=\"elementor-widget-container\">\n\t\t\t\t\t<div class=\"elementor-jet-team-member jet-elements\"><div class=\"jet-team-member\">\n\t<div class=\"jet-team-member__inner\">\n\t\t\t<div class=\"jet-team-member__image\">\n\t\t\t<div class=\"jet-team-member__cover\"><\/div>\n\t\t\t<figure class=\"jet-team-member__figure\"><img decoding=\"async\" width=\"554\" height=\"552\" src=\"https:\/\/2.smart-tourism-project.eu\/wp-content\/uploads\/2025\/06\/SMART-stelena-1.png\" class=\"jet-team-member__img-tag\" alt=\"SMART-stelena (1)\" srcset=\"https:\/\/2.smart-tourism-project.eu\/wp-content\/uploads\/2025\/06\/SMART-stelena-1.png 554w, https:\/\/2.smart-tourism-project.eu\/wp-content\/uploads\/2025\/06\/SMART-stelena-1-300x300.png 300w, https:\/\/2.smart-tourism-project.eu\/wp-content\/uploads\/2025\/06\/SMART-stelena-1-150x150.png 150w\" sizes=\"(max-width: 554px) 100vw, 554px\" \/><\/figure>\t\t<\/div>\n\t\t<div class=\"jet-team-member__content\"><h3 class=\"jet-team-member__name\"><span class=\"jet-team-member__name-first\">Stelena <\/span><span class=\"jet-team-member__name-last\"> Angelova<\/span><\/h3><div class=\"jet-team-member__position\"><span>\"Consultora de turismo accesible en IMPULSA IGUALDAD \u2013 TUR4all; experta en destinos tur\u00edsticos inteligentes y planificaci\u00f3n accesible (Espa\u00f1a)<\/span><\/div><p class=\"jet-team-member__desc\"><b>Presentaci\u00f3n:<\/b> \u201cEl turismo accesible como derecho y oportunidad\u201d, con una demostraci\u00f3n en directo de la plataforma TUR4all y el modelo de agencia de viajes.\"<\/p><div class=\"jet-team-member__socials\"><\/div><\/div>\n\t<\/div>\n\t<\/div>\n<\/div>\t\t\t\t<\/div>\n\t\t\t\t<\/div>\n\t\t\t\t<div class=\"elementor-element elementor-element-8db051f elementor-widget__width-initial elementor-widget-mobile__width-inherit elementor-widget elementor-widget-jet-team-member\" data-id=\"8db051f\" data-element_type=\"widget\" data-e-type=\"widget\" data-widget_type=\"jet-team-member.default\">\n\t\t\t\t<div class=\"elementor-widget-container\">\n\t\t\t\t\t<div class=\"elementor-jet-team-member jet-elements\"><div class=\"jet-team-member\">\n\t<div class=\"jet-team-member__inner\">\n\t\t\t<div class=\"jet-team-member__image\">\n\t\t\t<div class=\"jet-team-member__cover\"><\/div>\n\t\t\t<figure class=\"jet-team-member__figure\"><img decoding=\"async\" width=\"558\" height=\"552\" src=\"https:\/\/2.smart-tourism-project.eu\/wp-content\/uploads\/2025\/06\/SMART-gabriele-1.png\" class=\"jet-team-member__img-tag\" alt=\"SMART-gabriele (1)\" srcset=\"https:\/\/2.smart-tourism-project.eu\/wp-content\/uploads\/2025\/06\/SMART-gabriele-1.png 558w, https:\/\/2.smart-tourism-project.eu\/wp-content\/uploads\/2025\/06\/SMART-gabriele-1-300x297.png 300w\" sizes=\"(max-width: 558px) 100vw, 558px\" \/><\/figure>\t\t<\/div>\n\t\t<div class=\"jet-team-member__content\"><h3 class=\"jet-team-member__name\"><span class=\"jet-team-member__name-first\">Gabriele <\/span><span class=\"jet-team-member__name-last\"> Uzzo<\/span><\/h3><div class=\"jet-team-member__position\"><span>\"Responsable de accesibilidad y coordinador de I+D en SudTitles; investigador y docente en traducci\u00f3n audiovisual y comunicaci\u00f3n inclusiva (Italia)<\/span><\/div><p class=\"jet-team-member__desc\"><b>Presentaci\u00f3n:<\/b> \u201cLa comunicaci\u00f3n inclusiva como base del turismo accesible\u201d, con estrategias aplicables para p\u00e1ginas web, se\u00f1alizaci\u00f3n, aplicaciones y medios.\"<\/p><div class=\"jet-team-member__socials\"><\/div><\/div>\n\t<\/div>\n\t<\/div>\n<\/div>\t\t\t\t<\/div>\n\t\t\t\t<\/div>\n\t\t\t\t<\/div>\n\t\t\t\t<div class=\"elementor-element elementor-element-aa76c96 elementor-widget elementor-widget-text-editor\" data-id=\"aa76c96\" data-element_type=\"widget\" data-e-type=\"widget\" data-widget_type=\"text-editor.default\">\n\t\t\t\t<div class=\"elementor-widget-container\">\n\t\t\t\t\t\t\t\t\t<p><span data-sheets-root=\"1\">Si trabajas en turismo, educaci\u00f3n o inclusi\u00f3n \u2014o simplemente quieres contribuir a crear un ecosistema tur\u00edstico m\u00e1s acogedor y accesible\u2014 este webinario es para ti.<\/span><\/p>\t\t\t\t\t\t\t\t<\/div>\n\t\t\t\t<\/div>\n\t\t<div class=\"elementor-element elementor-element-46c472c e-con-full e-flex e-con e-child\" data-id=\"46c472c\" data-element_type=\"container\" data-e-type=\"container\" data-settings=\"{&quot;jet_parallax_layout_list&quot;:[]}\">\n\t\t\t\t<div class=\"elementor-element elementor-element-fa3cd02 elementor-widget elementor-widget-heading\" data-id=\"fa3cd02\" data-element_type=\"widget\" data-e-type=\"widget\" data-widget_type=\"heading.default\">\n\t\t\t\t<div class=\"elementor-widget-container\">\n\t\t\t\t\t<h2 class=\"elementor-heading-title elementor-size-default\">\u00a1Mira el webinario completo aqu\u00ed!<\/h2>\t\t\t\t<\/div>\n\t\t\t\t<\/div>\n\t\t\t\t<\/div>\n\t\t\t\t<div class=\"elementor-element elementor-element-7a0ca98 elementor-widget__width-initial elementor-widget elementor-widget-video\" data-id=\"7a0ca98\" data-element_type=\"widget\" data-e-type=\"widget\" data-settings=\"{&quot;youtube_url&quot;:&quot;https:\\\/\\\/www.youtube.com\\\/watch?v=zSndxW-xSWk&amp;t=2s&quot;,&quot;video_type&quot;:&quot;youtube&quot;,&quot;controls&quot;:&quot;yes&quot;}\" data-widget_type=\"video.default\">\n\t\t\t\t<div class=\"elementor-widget-container\">\n\t\t\t\t\t\t\t<div class=\"elementor-wrapper elementor-open-inline\">\n\t\t\t<div class=\"elementor-video\"><\/div>\t\t<\/div>\n\t\t\t\t\t\t<\/div>\n\t\t\t\t<\/div>\n\t\t<div class=\"elementor-element elementor-element-715dcde e-con-full e-flex e-con e-child\" data-id=\"715dcde\" data-element_type=\"container\" data-e-type=\"container\" data-settings=\"{&quot;jet_parallax_layout_list&quot;:[]}\">\n\t\t\t\t<div class=\"elementor-element elementor-element-f0554ff elementor-absolute elementor-view-default elementor-widget elementor-widget-icon\" data-id=\"f0554ff\" data-element_type=\"widget\" data-e-type=\"widget\" data-settings=\"{&quot;_position&quot;:&quot;absolute&quot;}\" data-widget_type=\"icon.default\">\n\t\t\t\t<div class=\"elementor-widget-container\">\n\t\t\t\t\t\t\t<div class=\"elementor-icon-wrapper\">\n\t\t\t<div class=\"elementor-icon\">\n\t\t\t<i aria-hidden=\"true\" class=\"far fa-circle\"><\/i>\t\t\t<\/div>\n\t\t<\/div>\n\t\t\t\t\t\t<\/div>\n\t\t\t\t<\/div>\n\t\t\t\t<div class=\"elementor-element elementor-element-887b9a1 elementor-absolute elementor-view-default elementor-widget elementor-widget-icon\" data-id=\"887b9a1\" data-element_type=\"widget\" data-e-type=\"widget\" data-settings=\"{&quot;_position&quot;:&quot;absolute&quot;}\" data-widget_type=\"icon.default\">\n\t\t\t\t<div class=\"elementor-widget-container\">\n\t\t\t\t\t\t\t<div class=\"elementor-icon-wrapper\">\n\t\t\t<div class=\"elementor-icon\">\n\t\t\t<i aria-hidden=\"true\" class=\"fas fa-circle\"><\/i>\t\t\t<\/div>\n\t\t<\/div>\n\t\t\t\t\t\t<\/div>\n\t\t\t\t<\/div>\n\t\t\t\t<\/div>\n\t\t\t\t\t<\/div>\n\t\t\t\t<\/div>\n\t\t<div class=\"elementor-element elementor-element-cb7d233 e-flex e-con-boxed e-con e-parent\" data-id=\"cb7d233\" data-element_type=\"container\" data-e-type=\"container\" data-settings=\"{&quot;jet_parallax_layout_list&quot;:[]}\">\n\t\t\t\t\t<div class=\"e-con-inner\">\n\t\t\t\t<div class=\"elementor-element elementor-element-77ea200 elementor-widget elementor-widget-heading\" data-id=\"77ea200\" data-element_type=\"widget\" data-e-type=\"widget\" data-widget_type=\"heading.default\">\n\t\t\t\t<div class=\"elementor-widget-container\">\n\t\t\t\t\t<h2 class=\"elementor-heading-title elementor-size-default\">Talleres SMART Inclusion: hacer el turismo m\u00e1s inclusivo<\/h2>\t\t\t\t<\/div>\n\t\t\t\t<\/div>\n\t\t\t\t<div class=\"elementor-element elementor-element-26f81c7 elementor-widget elementor-widget-text-editor\" data-id=\"26f81c7\" data-element_type=\"widget\" data-e-type=\"widget\" data-widget_type=\"text-editor.default\">\n\t\t\t\t<div class=\"elementor-widget-container\">\n\t\t\t\t\t\t\t\t\t<p><span data-sheets-root=\"1\">Como parte del proyecto SMART Inclusion, organizamos una serie de talleres nacionales en Espa\u00f1a, Francia y Grecia, dirigidos a profesionales del turismo, formadores, gestores de destinos y personas defensoras de la accesibilidad, para reflexionar sobre c\u00f3mo las herramientas digitales y las pr\u00e1cticas inclusivas pueden transformar el turismo y la hosteler\u00eda.<\/span><\/p><p>Estos talleres interactivos:<\/p><p>-Presentaron los principios del turismo inclusivo y digital.<\/p><p>-Mostraron buenas pr\u00e1cticas reales y herramientas innovadoras.<\/p><p>-Dieron a conocer la gu\u00eda SMART Inclusion y sus aplicaciones pr\u00e1cticas.<\/p><p>-Reunieron a profesionales y agentes clave para intercambiar ideas y construir destinos m\u00e1s fuertes, resilientes y accesibles.<\/p><p>Cada sesi\u00f3n ofreci\u00f3 conocimientos pr\u00e1cticos, ejemplos reales y un espacio para compartir retos y oportunidades a la hora de crear experiencias tur\u00edsticas acogedoras para todas las personas.<\/p>\t\t\t\t\t\t\t\t<\/div>\n\t\t\t\t<\/div>\n\t\t\t\t<div class=\"elementor-element elementor-element-d32e789 elementor-widget elementor-widget-heading\" data-id=\"d32e789\" data-element_type=\"widget\" data-e-type=\"widget\" data-widget_type=\"heading.default\">\n\t\t\t\t<div class=\"elementor-widget-container\">\n\t\t\t\t\t<h2 class=\"elementor-heading-title elementor-size-default\">Explora los talleres<\/h2>\t\t\t\t<\/div>\n\t\t\t\t<\/div>\n\t\t\t\t<div class=\"elementor-element elementor-element-2141643 elementor-widget elementor-widget-text-editor\" data-id=\"2141643\" data-element_type=\"widget\" data-e-type=\"widget\" data-widget_type=\"text-editor.default\">\n\t\t\t\t<div class=\"elementor-widget-container\">\n\t\t\t\t\t\t\t\t\t<p><span data-sheets-root=\"1\">Echa un vistazo a los talleres a continuaci\u00f3n para descubrir los momentos destacados, los resultados y las ideas pr\u00e1cticas de cada sesi\u00f3n, y an\u00edmate a impulsar un turismo m\u00e1s inclusivo en tu comunidad.<\/span><\/p>\t\t\t\t\t\t\t\t<\/div>\n\t\t\t\t<\/div>\n\t\t\t\t\t<\/div>\n\t\t\t\t<\/div>\n\t\t<div class=\"elementor-element elementor-element-e909717 e-con-full e-flex e-con e-child\" data-id=\"e909717\" data-element_type=\"container\" data-e-type=\"container\" data-settings=\"{&quot;jet_parallax_layout_list&quot;:[]}\">\n\t\t\t\t<div class=\"elementor-element elementor-element-761249d elementor-widget elementor-widget-image\" data-id=\"761249d\" data-element_type=\"widget\" data-e-type=\"widget\" data-widget_type=\"image.default\">\n\t\t\t\t<div class=\"elementor-widget-container\">\n\t\t\t\t\t\t\t\t\t\t\t\t\t\t\t<img loading=\"lazy\" decoding=\"async\" width=\"1723\" height=\"1002\" src=\"https:\/\/2.smart-tourism-project.eu\/wp-content\/uploads\/2024\/08\/background-iconos.png\" class=\"attachment-full size-full wp-image-577\" alt=\"\" srcset=\"https:\/\/2.smart-tourism-project.eu\/wp-content\/uploads\/2024\/08\/background-iconos.png 1723w, https:\/\/2.smart-tourism-project.eu\/wp-content\/uploads\/2024\/08\/background-iconos-300x174.png 300w, https:\/\/2.smart-tourism-project.eu\/wp-content\/uploads\/2024\/08\/background-iconos-1024x596.png 1024w, https:\/\/2.smart-tourism-project.eu\/wp-content\/uploads\/2024\/08\/background-iconos-768x447.png 768w, https:\/\/2.smart-tourism-project.eu\/wp-content\/uploads\/2024\/08\/background-iconos-1536x893.png 1536w\" sizes=\"(max-width: 1723px) 100vw, 1723px\" \/>\t\t\t\t\t\t\t\t\t\t\t\t\t\t\t<\/div>\n\t\t\t\t<\/div>\n\t\t\t\t<div class=\"elementor-element elementor-element-9f784a0 elementor-hidden-mobile elementor-widget elementor-widget-image\" data-id=\"9f784a0\" data-element_type=\"widget\" data-e-type=\"widget\" data-widget_type=\"image.default\">\n\t\t\t\t<div class=\"elementor-widget-container\">\n\t\t\t\t\t\t\t\t\t\t\t\t\t\t\t<img decoding=\"async\" src=\"https:\/\/2.smart-tourism-project.eu\/wp-content\/uploads\/2024\/08\/background-iconos.png\" title=\"\" alt=\"\" loading=\"lazy\" \/>\t\t\t\t\t\t\t\t\t\t\t\t\t\t\t<\/div>\n\t\t\t\t<\/div>\n\t\t\t\t<\/div>\n\t\t\t\t<\/div>\n\t\t","protected":false},"excerpt":{"rendered":"<p>Talleres y seminarios web SMART \u00bfC\u00f3mo podemos conseguir que el turismo sea verdaderamente inclusivo, accesible y sostenible para todas las personas? Meet the speakers:Esta fue la pregunta central que se abord\u00f3 en nuestro webinario internacional SMART Inclusion, que ahora puedes ver en diferido. En esta interesante sesi\u00f3n, tres expertos de referencia de distintos pa\u00edses europeos [&hellip;]<\/p>\n","protected":false},"author":3,"featured_media":0,"parent":841,"menu_order":0,"comment_status":"closed","ping_status":"closed","template":"","meta":{"footnotes":""},"class_list":["post-1424","page","type-page","status-publish","hentry"],"_links":{"self":[{"href":"https:\/\/2.smart-tourism-project.eu\/es\/wp-json\/wp\/v2\/pages\/1424","targetHints":{"allow":["GET"]}}],"collection":[{"href":"https:\/\/2.smart-tourism-project.eu\/es\/wp-json\/wp\/v2\/pages"}],"about":[{"href":"https:\/\/2.smart-tourism-project.eu\/es\/wp-json\/wp\/v2\/types\/page"}],"author":[{"embeddable":true,"href":"https:\/\/2.smart-tourism-project.eu\/es\/wp-json\/wp\/v2\/users\/3"}],"replies":[{"embeddable":true,"href":"https:\/\/2.smart-tourism-project.eu\/es\/wp-json\/wp\/v2\/comments?post=1424"}],"version-history":[{"count":37,"href":"https:\/\/2.smart-tourism-project.eu\/es\/wp-json\/wp\/v2\/pages\/1424\/revisions"}],"predecessor-version":[{"id":1551,"href":"https:\/\/2.smart-tourism-project.eu\/es\/wp-json\/wp\/v2\/pages\/1424\/revisions\/1551"}],"up":[{"embeddable":true,"href":"https:\/\/2.smart-tourism-project.eu\/es\/wp-json\/wp\/v2\/pages\/841"}],"wp:attachment":[{"href":"https:\/\/2.smart-tourism-project.eu\/es\/wp-json\/wp\/v2\/media?parent=1424"}],"curies":[{"name":"wp","href":"https:\/\/api.w.org\/{rel}","templated":true}]}}